{"id":539,"date":"2023-09-29T11:02:17","date_gmt":"2023-09-29T08:02:17","guid":{"rendered":"https:\/\/jobs-ms.ch\/?post_type=jobs&#038;p=539"},"modified":"2024-01-05T17:43:39","modified_gmt":"2024-01-05T14:43:39","slug":"microsoft-cloud-architect-zurich","status":"publish","type":"jobs","link":"https:\/\/jobs-ms.ch\/microsoft-cloud-architect-zurich-1955","title":{"rendered":"Microsoft Cloud Architect &#8211; Z\u00fcrich"},"content":{"rendered":"\n<figure class=\"wp-block-image size-full\"><img loading=\"lazy\" decoding=\"async\" width=\"850\" height=\"488\" src=\"https:\/\/jobs-ms.ch\/wp-content\/uploads\/2023\/09\/14_Type2022_m.jpg\" alt=\"\" class=\"wp-image-540\" srcset=\"https:\/\/jobs-ms.ch\/wp-content\/uploads\/2023\/09\/14_Type2022_m.jpg 850w, https:\/\/jobs-ms.ch\/wp-content\/uploads\/2023\/09\/14_Type2022_m-300x172.jpg 300w, https:\/\/jobs-ms.ch\/wp-content\/uploads\/2023\/09\/14_Type2022_m-768x441.jpg 768w\" sizes=\"(max-width: 850px) 100vw, 850px\" \/><\/figure>\n\n\n\n<h3 class=\"wp-block-heading has-text-align-center\">Stellenbeschreibung<\/h3>\n\n\n\n<h1 class=\"wp-block-heading has-text-align-center\">Microsoft Cloud Architect in Z\u00fcrich zur Unterst\u00fctzung eines dynamischen Teams gesucht! &#8211; IT-Unternehmen &#8211; Viel Freiraum f\u00fcr eigene Ideen<\/h1>\n\n\n\n<p><strong>Das bringen Sie mit<\/strong><\/p>\n\n\n\n<ul>\n<li>Sie verf\u00fcgen \u00fcber sehr gute Kenntnisse von Microsoft Azure, sowie von Services, SaaS, PaaS und ganzheitlichen Cloud-Themen<\/li>\n\n\n\n<li>Gern gesehen sind Kenntnisse von Microsoft 365<\/li>\n\n\n\n<li>Ein IT-Studium dient Ihnen als Grundlage oder Sie verf\u00fcgen \u00fcber eine vergleichbare Qualifikation<\/li>\n\n\n\n<li>Ihre Deutsch- und Englischkenntnisse sollten gut in Wort und Schrift sein<\/li>\n\n\n\n<li>Sie bringen Engagement, Zielorientierung, Teamgeist und Kundenorientierung mit<\/li>\n<\/ul>\n\n\n\n<p><strong>Das k\u00f6nnen Sie f\u00fcr uns tun<\/strong><\/p>\n\n\n\n<ul>\n<li>Sie beraten die Kunden in Bezug auf die Transformation in die Cloud (inkl. hybride Umgebungen)<\/li>\n\n\n\n<li>Sie entwickeln Architekturen zur Nutzung von Microsoft Cloud-Services<\/li>\n\n\n\n<li>Sie optimieren die Cloud Governance und sind f\u00fcr deren Weiterentwicklung zust\u00e4ndig<\/li>\n\n\n\n<li>IT-Strategien im Bereich Cloud-Computing werden von Ihnen entwickelt<\/li>\n\n\n\n<li>Sie f\u00fchren Schulungen und Workshops f\u00fcr die Anwender durch<\/li>\n<\/ul>\n\n\n\n<p><strong>Das sind Ihre Vorteile<\/strong><\/p>\n\n\n\n<ul>\n<li>Sie erwartet ein zukunftssicherer Arbeitsplatz<\/li>\n\n\n\n<li>Sie erhalten eine gezielte Einarbeitung<\/li>\n\n\n\n<li>Sie haben die M\u00f6glichkeit zum mobilen Arbeiten<\/li>\n\n\n\n<li>Sie erhalten ein modernes IT-Equipment<\/li>\n<\/ul>\n\n\n\n<p>Sprechen Sie mit Erik Wirz \/\u00a0<a href=\"tel:+41445150260\" target=\"_blank\" rel=\"noreferrer noopener\">+41 44 515 02 60<\/a>\u00a0\/\u00a0<a href=\"mailto:erik.wirz@w-gruppe.com\" target=\"_blank\" rel=\"noreferrer noopener\">erik.wirz@w-gruppe.com<\/a>\u00a0\/ Ref. 40185<\/p>\n\n\n\n<p>#MicrosoftJobs #CloudArchitectJobs #CloudJobs<\/p>\n","protected":false},"excerpt":{"rendered":"<p>Microsoft Cloud Architect in Z\u00fcrich zur Unterst\u00fctzung eines dynamischen Teams gesucht! &#8211; IT-Unternehmen &#8211; Viel Freiraum f\u00fcr eigene Ideen   Das<\/p>\n","protected":false},"featured_media":0,"template":"","job-categories":[35],"job-locations":[45],"_links":{"self":[{"href":"https:\/\/jobs-ms.ch\/feeds\/wp\/v2\/jobs\/539"}],"collection":[{"href":"https:\/\/jobs-ms.ch\/feeds\/wp\/v2\/jobs"}],"about":[{"href":"https:\/\/jobs-ms.ch\/feeds\/wp\/v2\/types\/jobs"}],"version-history":[{"count":5,"href":"https:\/\/jobs-ms.ch\/feeds\/wp\/v2\/jobs\/539\/revisions"}],"predecessor-version":[{"id":1495,"href":"https:\/\/jobs-ms.ch\/feeds\/wp\/v2\/jobs\/539\/revisions\/1495"}],"wp:attachment":[{"href":"https:\/\/jobs-ms.ch\/feeds\/wp\/v2\/media?parent=539"}],"wp:term":[{"taxonomy":"job-categories","embeddable":true,"href":"https:\/\/jobs-ms.ch\/feeds\/wp\/v2\/job-categories?post=539"},{"taxonomy":"job-locations","embeddable":true,"href":"https:\/\/jobs-ms.ch\/feeds\/wp\/v2\/job-locations?post=539"}],"curies":[{"name":"wp","href":"https:\/\/api.w.org\/{rel}","templated":true}]}}